{"id":8417,"date":"2020-12-02T21:49:24","date_gmt":"2020-12-02T21:49:24","guid":{"rendered":"http:\/\/localhost\/adatvedelmi-iranyelvek\/"},"modified":"2024-04-17T05:27:50","modified_gmt":"2024-04-17T05:27:50","slug":"datenschutzerklarung","status":"publish","type":"page","link":"https:\/\/contractbeds.eu\/de\/datenschutzerklarung\/","title":{"rendered":"Datenschutzinformationsblatt"},"content":{"rendered":"\n<h2 class=\"wp-block-heading\"><strong>Datenschutzinformationsblatt<\/strong><\/h2>\n\n\n\n<p><\/p>\n\n\n\n<p>Sehr geehrte Kundin, sehr geehrter Kunde!<\/p>\n\n\n\n<p>Wir m\u00f6chten Sie dar\u00fcber informieren, dass wir Ihre pers\u00f6nlichen Daten f\u00fcr die Abrechnung, die Kontaktaufnahme, die Bearbeitung von Qualit\u00e4tsbeschwerden und f\u00fcr andere im Detail erl\u00e4uterte F\u00e4lle speichern und verarbeiten. Um Ihnen einen \u00dcberblick \u00fcber diese Datenverarbeitungen zu geben, haben wir diese Informationsbrosch\u00fcre zusammengestellt, in der wir genau auflisten, was wir tun und warum. Falls Sie weitere Fragen haben oder Ihre Rechte gem\u00e4\u00df der Datenschutz-Grundverordnung (Artikel 12-23) aus\u00fcben m\u00f6chten (Einsichtnahme, \u00c4nderung, L\u00f6schung usw.), wenden Sie sich bitte vertrauensvoll an unseren ausgewiesenen Kollegen!<\/p>\n\n\n\n<p>Der Datenverantwortliche ist die Bio-Textima Kft<\/p>\n\n\n\n<p>Unsere Firmenanschrift lautet: 9167 B\u0151s\u00e1rk\u00e1ny, Ipar u. 1.<\/p>\n\n\n\n<p>Das Unternehmen ist im Handelsregister des Bezirksgerichts Gy-M-S unter der Nummer 08-09-003818 eingetragen.<\/p>\n\n\n\n<p>Unsere Steuernummer lautet: 11131841-2-08<\/p>\n\n\n\n<p>Unser Unternehmen kann Ihre pers\u00f6nlichen Daten in folgenden F\u00e4llen verarbeiten:<\/p>\n\n\n\n<p>I. Bei der Vorbereitung und dem Abschluss von Vertr\u00e4gen, beim Einkauf im Webshop.<\/p>\n\n\n\n<p>II. Bei der Kontaktaufnahme.<\/p>\n\n\n\n<p>III. Bei der Bearbeitung von Qualit\u00e4tsbeschwerden.<\/p>\n\n\n\n<p>IV. Bei Bewerbungen auf unsere Stellenausschreibungen.<\/p>\n\n\n\n<p>V. Beim Besuch unserer Website.<\/p>\n\n\n\n<p>VI. Bei der Teilnahme an Veranstaltungen.<\/p>\n\n\n\n<p>VII. Bei der Interaktion auf Social-Media-Plattformen.<\/p>\n\n\n\n<p>Am Ende des Dokuments finden Sie Informationen dar\u00fcber, welche Rechte Sie im Zusammenhang mit der Datenverarbeitung haben, an wen Sie sich bei Fragen oder Anfragen wenden k\u00f6nnen, sowie die Angabe der zust\u00e4ndigen Aufsichtsbeh\u00f6rde f\u00fcr den Datenschutz.<\/p>\n\n\n\n<p><strong>I. Datenverarbeitung im Zusammenhang mit Vertr\u00e4gen und Rechnungsstellung:<\/strong><\/p>\n\n\n\n<p>Die folgenden aufgef\u00fchrten Daten werden von uns verarbeitet, um Vertr\u00e4ge vorzubereiten, sie zu erf\u00fcllen und die damit verbundenen Rechnungen auszustellen. Im Falle des Vertragsabschlusses werden die Daten zum Zwecke der Vertragserf\u00fcllung verarbeitet [Rechtsgrundlage f\u00fcr die Datenverarbeitung gem\u00e4\u00df DSGVO 6) b)]. Die Rechnungsstellung erfordert die Datenverarbeitung gem\u00e4\u00df den gesetzlichen Bestimmungen [Rechtsgrundlage f\u00fcr die Datenverarbeitung gem\u00e4\u00df DSGVO 6) c)]. Umfang der verarbeiteten Daten:<\/p>\n\n\n\n<ul class=\"wp-block-list\"><li>Ihr Name, Ihre Adresse<\/li><li>Datum und Uhrzeit des Kaufs<\/li><li>Bezeichnung, Menge und Preis des gekauften Produkts oder der erbrachten Dienstleistung<\/li><li>Im Falle von Einzelunternehmern speichern wir auch die Steuernummer. Daten\u00fcbermittlungen: Wir verwenden ein Online-Rechnungssystem zur Erstellung unserer Rechnungen. Die Daten werden auf dieser Plattform gespeichert und mit dem Dienstleister geteilt. Bei Zahlungen mit Kreditkarte teilen wir die Zahlungsinformationen (Identifikator des Zahlenden, Transaktionsbetrag, Datum und Uhrzeit) mit dem Anbieter des Terminals oder der Online-Zahlungsplattform. Beim Einkauf im Webshop werden die Daten auf den Servern des technologischen Dienstleisters gespeichert und auch mit der Agentur geteilt, die den Webshop betreibt.<\/li><\/ul>\n\n\n\n<p>Aufbewahrungsfrist: Die Daten werden gem\u00e4\u00df den Vorschriften des Rechnungswesens f\u00fcr eine bestimmte Zeit aufbewahrt.<\/p>\n\n\n\n<p><strong>II. Datenverarbeitung im Zusammenhang mit der Kontaktaufnahme:<\/strong><\/p>\n\n\n\n<p>Um mit Ihnen in Kontakt treten und Sie \u00fcber eventuelle \u00c4nderungen informieren zu k\u00f6nnen, verarbeiten wir Ihre Daten. Dies dient dem berechtigten Interesse unseres Unternehmens an der Kontaktaufnahme [Rechtsgrundlage f\u00fcr die Datenverarbeitung gem\u00e4\u00df DSGVO Artikel 6) f)]. Sie haben jederzeit das Recht, der Datenverarbeitung zu widersprechen. Hierzu bitten wir Sie, uns schriftlich zu kontaktieren! Umfang der verarbeiteten Daten:<\/p>\n\n\n\n<ul class=\"wp-block-list\"><li>Ihr Name<\/li><li>Bei Nutzung von sozialen Medien: Ihr Benutzername auf der jeweiligen Plattform<\/li><li>E-Mail-Adresse, Postanschrift<\/li><li>Telefonnummer<\/li><li>Weitere pers\u00f6nliche Daten, die Sie in der Nachricht angeben. Wenn Sie Mitarbeiter unseres Gesch\u00e4ftspartners sind, verarbeiten wir auch den Namen des Unternehmens, f\u00fcr das Sie t\u00e4tig sind, sowie Ihre Position.<\/li><\/ul>\n\n\n\n<p>Daten\u00fcbermittlungen:<\/p>\n\n\n\n<p>Wir teilen die Daten mit dem Betreiber der Nachrichtenplattform, \u00fcber die wir Kontakt aufgenommen haben (z. B. bei E-Mails mit technischen Dienstleistern). Die f\u00fcr Marketing und den Betrieb des Webshops gesendeten Nachrichten werden \u00fcber eine Marketingagentur verarbeitet.<\/p>\n\n\n\n<p>Aufbewahrungsfrist:<\/p>\n\n\n\n<p>Die Daten werden je nach Inhalt der Nachricht f\u00fcr eine angemessene Zeit aufbewahrt und auf Ihren Wunsch hin gel\u00f6scht (sofern keine gesetzlichen Anforderungen dagegen sprechen).<\/p>\n\n\n\n<p><strong>III. Behandlung von Qualit\u00e4tsbeschwerden<\/strong><\/p>\n\n\n\n<p>Wenn Sie einen Eintrag in das Beschwerdebuch der Kunden machen, verarbeiten wir die darin enthaltenen Daten, um unseren gesetzlichen Verpflichtungen nachzukommen. [Rechtsgrundlage f\u00fcr die Datenverarbeitung gem\u00e4\u00df DSGVO Artikel 6) c)]<\/p>\n\n\n\n<p>Umfang der verarbeiteten Daten:<\/p>\n\n\n\n<ul class=\"wp-block-list\"><li>Ihr Name<\/li><li>E-Mail-Adresse, Postanschrift<\/li><li>Telefonnummer<\/li><li>Datum und Sachverhalt des Eintrags<\/li><li>Alle weiteren pers\u00f6nlichen Daten, die im Eintrag angegeben werden.<\/li><\/ul>\n\n\n\n<p>Daten\u00fcbermittlungen:<\/p>\n\n\n\n<p>Die Daten werden nicht weitergegeben.<\/p>\n\n\n\n<p>Aufbewahrungsfrist:<\/p>\n\n\n\n<p>Die Daten werden f\u00fcr die gesetzlich vorgeschriebene Zeit aufbewahrt.<\/p>\n\n\n\n<p><strong>IV. Datenverarbeitung im Rahmen der Rekrutierung<\/strong><\/p>\n\n\n\n<p>Datenverarbeitung zum Zeitpunkt der Bewerbung Im Rahmen des Auswahlverfahrens verwenden wir die uns in Ihrem Lebenslauf, Ihrer Bewerbung und Ihrem Motivationsschreiben \u00fcbermittelten Daten. Wir tun dies, um Ihre Bewerbung f\u00fcr die zu besetzende Stelle zu dokumentieren und damit Sie am Auswahlverfahren teilnehmen k\u00f6nnen. Dies dient dem berechtigten Interesse des Datenverantwortlichen an der Auswahl von Mitarbeitern. [Rechtsgrundlage f\u00fcr die Datenverarbeitung gem\u00e4\u00df DSGVO Artikel 6) f)] Sie haben jederzeit das Recht, der Datenverarbeitung zu widersprechen. Hierzu bitten wir Sie, uns schriftlich zu kontaktieren!<\/p>\n\n\n\n<p>Umfang der verarbeiteten Daten:<\/p>\n\n\n\n<ul class=\"wp-block-list\"><li>Ihr Name<\/li><li>E-Mail-Adresse, st\u00e4ndige und vor\u00fcbergehende Adresse<\/li><li>Telefonnummer<\/li><li>Geburtsort und -datum, Name der Mutter<\/li><li>Qualifikationen, Ort und Zeitpunkt des Erwerbs<\/li><li>Alle weiteren pers\u00f6nlichen Daten, die Sie uns bei Ihrer Bewerbung mitgeteilt haben<\/li><li>Wir speichern ein Foto von Ihnen, das Begleitschreiben sowie Kopien von Schul- und anderen Abschlusszeugnissen.<\/li><\/ul>\n\n\n\n<p>Daten\u00fcbermittlungen:<\/p>\n\n\n\n<p>Bei Empfang von Lebensl\u00e4ufen per E-Mail werden die Daten \u00fcber die Server des technologischen Dienstleisters \u00fcbertragen.<\/p>\n\n\n\n<p>Aufbewahrungsfrist:<\/p>\n\n\n\n<p>Die Daten werden f\u00fcr die Dauer des Verfahrens aufbewahrt und anschlie\u00dfend gel\u00f6scht.<\/p>\n\n\n\n<p><strong>Datenverarbeitung bei der Besetzung ausgeschriebener Stellen<\/strong><\/p>\n\n\n\n<p>i. Nach Abschluss des Auswahlverfahrens verwendet unser Unternehmen die Daten des ausgew\u00e4hlten Bewerbers zur Vorbereitung von Arbeitsvertr\u00e4gen. [Rechtsgrundlage f\u00fcr die Datenverarbeitung gem\u00e4\u00df DSGVO Art. 6 Abs. 1 Buchstabe b)] \u00dcber weitere Datenverarbeitungen informieren wir unsere Mitarbeiterinnen und Mitarbeiter in einer Mitteilung, die nach Unterzeichnung des Arbeitsvertrags erfolgt.<\/p>\n\n\n\n<p>Umfang der verarbeiteten Daten:<\/p>\n\n\n\n<ul class=\"wp-block-list\"><li>Der Umfang der verarbeiteten Daten entspricht den oben genannten.<\/li><\/ul>\n\n\n\n<p>Daten\u00fcbermittlungen:<\/p>\n\n\n\n<ul class=\"wp-block-list\"><li>Die Daten werden zum Zwecke der Vertragsvorbereitung an den Rechtsanwalt und den Buchhalter des Unternehmens \u00fcbermittelt.<\/li><\/ul>\n\n\n\n<p>Aufbewahrungsdauer:<\/p>\n\n\n\n<ul class=\"wp-block-list\"><li>Die Daten werden w\u00e4hrend des Besch\u00e4ftigungsverh\u00e4ltnisses sowie f\u00fcr die gesetzlich vorgeschriebene Zeit aufbewahrt.<\/li><\/ul>\n\n\n\n<p>ii. In F\u00e4llen, in denen Sie nicht f\u00fcr die ausgeschriebene Position ausgew\u00e4hlt wurden, werden wir Ihren Lebenslauf weiterhin verwenden, wenn Sie dies genehmigen, um ihn in weiteren Auswahlverfahren zu nutzen. [Rechtsgrundlage f\u00fcr die Datenverarbeitung gem\u00e4\u00df DSGVO Art. 6 Abs. 1 Buchstabe a)]<\/p>\n\n\n\n<p>Umfang der verarbeiteten Daten:<\/p>\n\n\n\n<ul class=\"wp-block-list\"><li>Der Umfang der verarbeiteten Daten entspricht den oben genannten.<\/li><\/ul>\n\n\n\n<p>Daten\u00fcbermittlungen:<\/p>\n\n\n\n<ul class=\"wp-block-list\"><li>Die Daten werden auf unseren E-Mail-Servern gespeichert und gegebenenfalls mit dem Personalvermittlungsunternehmen geteilt.<\/li><\/ul>\n\n\n\n<p>Aufbewahrungsdauer:<\/p>\n\n\n\n<ul class=\"wp-block-list\"><li>Die Daten werden f\u00fcr einen Zeitraum von 1 Jahr aufbewahrt.<\/li><\/ul>\n\n\n\n<p><\/p>\n\n\n\n<p><strong>V. Informationen f\u00fcr Website-Besucher<\/strong><\/p>\n\n\n\n<p>W\u00e4hrend des Besuchs unserer Website erfassen wir personenbezogene Daten in den Serverprotokollen zu Cybersicherheitszwecken. Dies dient dem berechtigten Interesse unseres Unternehmens an der Umsetzung von Cybersicherheitsma\u00dfnahmen. [Rechtsgrundlage f\u00fcr die Datenverarbeitung gem\u00e4\u00df DSGVO Art. 6 Abs. 1 Buchstabe f)] Sie k\u00f6nnen jederzeit der Verarbeitung Ihrer Daten widersprechen. Bitte kontaktieren Sie uns schriftlich! Informationen zu Datenverarbeitungen beim Einkauf in unserem Webshop finden Sie im Abschnitt zum Vertragsabschluss.<\/p>\n\n\n\n<p>Umfang der verarbeiteten Daten:<\/p>\n\n\n\n<ul class=\"wp-block-list\"><li>IP-Adresse der Besucher<\/li><li>Browser-Fingerprint<\/li><\/ul>\n\n\n\n<p>Daten\u00fcbermittlungen:<\/p>\n\n\n\n<p>Die Daten werden auf den Servern des technischen Dienstleisters der Website gespeichert.<\/p>\n\n\n\n<p>Aufbewahrungsdauer:<\/p>\n\n\n\n<p>Diese Protokolle werden nach einem Monat gel\u00f6scht.<\/p>\n\n\n\n<p>Wenn Sie \u00fcber unsere Website Kontakt mit uns aufnehmen &#8211; durch Ausf\u00fcllen des Kontaktformulars &#8211; verarbeiten wir Ihre personenbezogenen Daten gem\u00e4\u00df den in Punkt II dieses Informationsblatts festgelegten Bedingungen.<\/p>\n\n\n\n<p><strong>VI. Datenverarbeitung bei Veranstaltungen<\/strong><\/p>\n\n\n\n<p>Sie k\u00f6nnen uns pers\u00f6nlich auf Messen, Ausstellungen und anderen Veranstaltungen treffen. Auf diesen Veranstaltungen machen wir Fotos und Videoaufnahmen, die wir auf unseren Social-Media-Plattformen, unserer Website und in unseren periodischen Werbepublikationen ver\u00f6ffentlichen. Diese Datenverarbeitung dient dem berechtigten Interesse unseres Unternehmens an der Information der \u00d6ffentlichkeit. [Rechtsgrundlage f\u00fcr die Datenverarbeitung gem\u00e4\u00df DSGVO Art. 6 Abs. 1 Buchstabe f)] Sie k\u00f6nnen jederzeit der Verarbeitung Ihrer Daten widersprechen. Bitte kontaktieren Sie uns schriftlich!<\/p>\n\n\n\n<p>Umfang der verarbeiteten Daten:<\/p>\n\n\n\n<ul class=\"wp-block-list\"><li>Video- und Fotoaufnahmen<\/li><li>Ort und Zeitpunkt der Aufnahmen<\/li><li>Teilnahme an der Veranstaltung<\/li><\/ul>\n\n\n\n<p>Daten\u00fcbermittlungen:<\/p>\n\n\n\n<p>Die Daten werden an die technischen Dienstleister unserer Website \u00fcbermittelt. Informationen zur Datenverarbeitung auf Social-Media-Plattformen finden Sie in einem separaten Abschnitt.<\/p>\n\n\n\n<p>Aufbewahrungsdauer:<\/p>\n\n\n\n<p>Die Daten werden im Falle eines Widerspruchs gel\u00f6scht, andernfalls ohne weiteres aussortiert.<\/p>\n\n\n\n<p><strong>VII. Datenverarbeitung in sozialen Medien<\/strong><\/p>\n\n\n\n<p>F\u00fcr die von uns erstellten Seiten in sozialen Medien sind wir gemeinsam mit dem jeweiligen Anbieter daf\u00fcr verantwortlich, dass die pers\u00f6nlichen Daten, die beim Besuch unserer Seiten oder bei der Interaktion damit entstehen, rechtm\u00e4\u00dfig verarbeitet werden. Die Einzelheiten der von uns durchgef\u00fchrten Datenverarbeitungen sind in dieser Datenschutzerkl\u00e4rung ersichtlich. Weitere Informationen zu den Kontaktdaten der Anbieter und den Einzelheiten der gemeinsamen Datenverarbeitung finden Sie hier:<\/p>\n\n\n\n<p>\u2022 Facebook-Seitenanalysen (Anbieter: Meta Platforms) <a href=\"https:\/\/www.facebook.com\/legal\/terms\/page_controller_addendum\">https:\/\/www.facebook.com\/legal\/terms\/page_controller_addendum<\/a><\/p>\n\n\n\n<p>\u2022 Instagram (Anbieter: Meta Platforms) <a href=\"https:\/\/www.facebook.com\/legal\/terms\/page_controller_addendum\">https:\/\/www.facebook.com\/legal\/terms\/page_controller_addendum<\/a><\/p>\n\n\n\n<p>Die Daten werden aufgrund unseres berechtigten Interesses an der Pr\u00e4senz in sozialen Medien verarbeitet. [Rechtsgrundlage f\u00fcr die Datenverarbeitung gem\u00e4\u00df DSGVO Art. 6 Abs. 1 Buchstabe f)] Sie k\u00f6nnen jederzeit der Verarbeitung Ihrer Daten widersprechen. Bitte nehmen Sie dazu schriftlich Kontakt mit dem Betreiber der jeweiligen Plattform auf.<\/p>\n\n\n\n<p>Umfang der verarbeiteten Daten:<\/p>\n\n\n\n<p>Bei Fragen zu Ihren pers\u00f6nlichen Daten kann in erster Linie der jeweilige Anbieter Auskunft geben. Als Verantwortliche unserer Seiten haben wir jedoch keinen Zugriff auf die vom Anbieter verwalteten Daten des Benutzers, au\u00dfer zu aggregierten, anonymisierten statistischen Analysen \u00fcber die sichtbaren Aktivit\u00e4ten (Reaktionen, Kommentare, Weiterleitungen usw.) auf diesen Seiten.<\/p>\n\n\n\n<p>Daten\u00fcbermittlungen:<\/p>\n\n\n\n<p>Die auf den Plattformen erfassten Daten werden nicht an Dritte weitergegeben.<\/p>\n\n\n\n<p>Aufbewahrungsdauer:<\/p>\n\n\n\n<p>Die Daten werden solange verarbeitet, wie der Benutzer auf der jeweiligen Social-Media-Seite aktiv ist und mit unserer Seite interagiert. DSGVO-Rechte Sie k\u00f6nnen jederzeit vom Datenverantwortlichen den Zugang zu Ihren personenbezogenen Daten, deren Berichtigung, L\u00f6schung oder Einschr\u00e4nkung der Verarbeitung verlangen und der Verarbeitung dieser personenbezogenen Daten widersprechen. Au\u00dferdem haben Sie das Recht auf \u00dcbertragbarkeit der betreffenden Informationen in einem strukturierten, g\u00e4ngigen und maschinenlesbaren Format. Weitere Informationen finden Sie in den Artikeln 12-23 der DSGVO.<\/p>\n\n\n\n<p>Wenn Sie Fragen oder Anfragen zur Datenverarbeitung haben, setzen Sie sich bitte mit uns in Verbindung! F\u00fcr Beschwerden in diesen F\u00e4llen wenden Sie sich bitte an unseren Beauftragten:<\/p>\n\n\n\n<p>Name des Beauftragten: Gyula V\u00f6r\u00f6s<\/p>\n\n\n\n<p>E-Mail-Adresse: voros.gyula [at] bio-textima.hu<\/p>\n\n\n\n<p>Wenn Sie eine Beschwerde bez\u00fcglich der Datenverarbeitung einreichen m\u00f6chten, k\u00f6nnen Sie dies hier tun: Nationaler Datenschutz- und Informationsfreiheitsbeh\u00f6rde naih.hu<\/p>\n","protected":false},"excerpt":{"rendered":"<p>Datenschutzinformationsblatt Sehr geehrte Kundin, sehr geehrter Kunde! Wir m\u00f6chten Sie dar\u00fcber informieren, dass wir Ihre pers\u00f6nlichen Daten f\u00fcr die Abrechnung, die Kontaktaufnahme, die Bearbeitung von Qualit\u00e4tsbeschwerden und f\u00fcr andere im Detail erl\u00e4uterte F\u00e4lle speichern und verarbeiten. Um Ihnen einen \u00dcberblick \u00fcber diese Datenverarbeitungen zu geben, haben wir diese Informationsbrosch\u00fcre zusammengestellt, in der wir genau auflisten, [&hellip;]<\/p>\n","protected":false},"author":1,"featured_media":0,"parent":0,"menu_order":0,"comment_status":"closed","ping_status":"closed","template":"","meta":{"footnotes":""},"class_list":["post-8417","page","type-page","status-publish","hentry"],"yoast_head":"<!-- This site is optimized with the Yoast SEO plugin v27.0 - https:\/\/yoast.com\/product\/yoast-seo-wordpress\/ -->\n<title>Datenschutzinformationsblatt - Bio-Textima - Bedding, Interior, Object<\/title>\n<meta name=\"robots\" content=\"noindex, nofollow\" \/>\n<meta property=\"og:locale\" content=\"de_DE\" \/>\n<meta property=\"og:type\" content=\"article\" \/>\n<meta property=\"og:title\" content=\"Datenschutzinformationsblatt - Bio-Textima - Bedding, Interior, Object\" \/>\n<meta property=\"og:description\" content=\"Datenschutzinformationsblatt Sehr geehrte Kundin, sehr geehrter Kunde! Wir m\u00f6chten Sie dar\u00fcber informieren, dass wir Ihre pers\u00f6nlichen Daten f\u00fcr die Abrechnung, die Kontaktaufnahme, die Bearbeitung von Qualit\u00e4tsbeschwerden und f\u00fcr andere im Detail erl\u00e4uterte F\u00e4lle speichern und verarbeiten. Um Ihnen einen \u00dcberblick \u00fcber diese Datenverarbeitungen zu geben, haben wir diese Informationsbrosch\u00fcre zusammengestellt, in der wir genau auflisten, [&hellip;]\" \/>\n<meta property=\"og:url\" content=\"https:\/\/contractbeds.eu\/de\/datenschutzerklarung\/\" \/>\n<meta property=\"og:site_name\" content=\"Bio-Textima - Bedding, Interior, Object\" \/>\n<meta property=\"article:modified_time\" content=\"2024-04-17T05:27:50+00:00\" \/>\n<meta name=\"twitter:card\" content=\"summary_large_image\" \/>\n<meta name=\"twitter:label1\" content=\"Gesch\u00e4tzte Lesezeit\" \/>\n\t<meta name=\"twitter:data1\" content=\"7\u00a0Minuten\" \/>\n<script type=\"application\/ld+json\" class=\"yoast-schema-graph\">{\"@context\":\"https:\/\/schema.org\",\"@graph\":[{\"@type\":\"WebPage\",\"@id\":\"https:\/\/contractbeds.eu\/de\/datenschutzerklarung\/\",\"url\":\"https:\/\/contractbeds.eu\/de\/datenschutzerklarung\/\",\"name\":\"Datenschutzinformationsblatt - Bio-Textima - Bedding, Interior, Object\",\"isPartOf\":{\"@id\":\"https:\/\/contractbeds.eu\/de\/#website\"},\"datePublished\":\"2020-12-02T21:49:24+00:00\",\"dateModified\":\"2024-04-17T05:27:50+00:00\",\"breadcrumb\":{\"@id\":\"https:\/\/contractbeds.eu\/de\/datenschutzerklarung\/#breadcrumb\"},\"inLanguage\":\"de\",\"potentialAction\":[{\"@type\":\"ReadAction\",\"target\":[\"https:\/\/contractbeds.eu\/de\/datenschutzerklarung\/\"]}]},{\"@type\":\"BreadcrumbList\",\"@id\":\"https:\/\/contractbeds.eu\/de\/datenschutzerklarung\/#breadcrumb\",\"itemListElement\":[{\"@type\":\"ListItem\",\"position\":1,\"name\":\"Startseite\",\"item\":\"https:\/\/contractbeds.eu\/de\/\"},{\"@type\":\"ListItem\",\"position\":2,\"name\":\"Datenschutzinformationsblatt\"}]},{\"@type\":\"WebSite\",\"@id\":\"https:\/\/contractbeds.eu\/de\/#website\",\"url\":\"https:\/\/contractbeds.eu\/de\/\",\"name\":\"Bio-Textima H\u00e1l\u00f3szoba Manufakt\u00fara\",\"description\":\"Betten und Matratzen f\u00fcr Hotels und Unterk\u00fcnfte\",\"publisher\":{\"@id\":\"https:\/\/contractbeds.eu\/de\/#organization\"},\"potentialAction\":[{\"@type\":\"SearchAction\",\"target\":{\"@type\":\"EntryPoint\",\"urlTemplate\":\"https:\/\/contractbeds.eu\/de\/?s={search_term_string}\"},\"query-input\":{\"@type\":\"PropertyValueSpecification\",\"valueRequired\":true,\"valueName\":\"search_term_string\"}}],\"inLanguage\":\"de\"},{\"@type\":\"Organization\",\"@id\":\"https:\/\/contractbeds.eu\/de\/#organization\",\"name\":\"BIO-TEXTIMA Kft.\",\"url\":\"https:\/\/contractbeds.eu\/de\/\",\"logo\":{\"@type\":\"ImageObject\",\"inLanguage\":\"de\",\"@id\":\"https:\/\/contractbeds.eu\/de\/#\/schema\/logo\/image\/\",\"url\":\"https:\/\/contractbeds.eu\/wp-content\/uploads\/2021\/03\/biotex_logo.jpg\",\"contentUrl\":\"https:\/\/contractbeds.eu\/wp-content\/uploads\/2021\/03\/biotex_logo.jpg\",\"width\":335,\"height\":149,\"caption\":\"BIO-TEXTIMA Kft.\"},\"image\":{\"@id\":\"https:\/\/contractbeds.eu\/de\/#\/schema\/logo\/image\/\"}}]}<\/script>\n<!-- \/ Yoast SEO plugin. -->","yoast_head_json":{"title":"Datenschutzinformationsblatt - Bio-Textima - Bedding, Interior, Object","robots":{"index":"noindex","follow":"nofollow"},"og_locale":"de_DE","og_type":"article","og_title":"Datenschutzinformationsblatt - Bio-Textima - Bedding, Interior, Object","og_description":"Datenschutzinformationsblatt Sehr geehrte Kundin, sehr geehrter Kunde! Wir m\u00f6chten Sie dar\u00fcber informieren, dass wir Ihre pers\u00f6nlichen Daten f\u00fcr die Abrechnung, die Kontaktaufnahme, die Bearbeitung von Qualit\u00e4tsbeschwerden und f\u00fcr andere im Detail erl\u00e4uterte F\u00e4lle speichern und verarbeiten. Um Ihnen einen \u00dcberblick \u00fcber diese Datenverarbeitungen zu geben, haben wir diese Informationsbrosch\u00fcre zusammengestellt, in der wir genau auflisten, [&hellip;]","og_url":"https:\/\/contractbeds.eu\/de\/datenschutzerklarung\/","og_site_name":"Bio-Textima - Bedding, Interior, Object","article_modified_time":"2024-04-17T05:27:50+00:00","twitter_card":"summary_large_image","twitter_misc":{"Gesch\u00e4tzte Lesezeit":"7\u00a0Minuten"},"schema":{"@context":"https:\/\/schema.org","@graph":[{"@type":"WebPage","@id":"https:\/\/contractbeds.eu\/de\/datenschutzerklarung\/","url":"https:\/\/contractbeds.eu\/de\/datenschutzerklarung\/","name":"Datenschutzinformationsblatt - Bio-Textima - Bedding, Interior, Object","isPartOf":{"@id":"https:\/\/contractbeds.eu\/de\/#website"},"datePublished":"2020-12-02T21:49:24+00:00","dateModified":"2024-04-17T05:27:50+00:00","breadcrumb":{"@id":"https:\/\/contractbeds.eu\/de\/datenschutzerklarung\/#breadcrumb"},"inLanguage":"de","potentialAction":[{"@type":"ReadAction","target":["https:\/\/contractbeds.eu\/de\/datenschutzerklarung\/"]}]},{"@type":"BreadcrumbList","@id":"https:\/\/contractbeds.eu\/de\/datenschutzerklarung\/#breadcrumb","itemListElement":[{"@type":"ListItem","position":1,"name":"Startseite","item":"https:\/\/contractbeds.eu\/de\/"},{"@type":"ListItem","position":2,"name":"Datenschutzinformationsblatt"}]},{"@type":"WebSite","@id":"https:\/\/contractbeds.eu\/de\/#website","url":"https:\/\/contractbeds.eu\/de\/","name":"Bio-Textima H\u00e1l\u00f3szoba Manufakt\u00fara","description":"Betten und Matratzen f\u00fcr Hotels und Unterk\u00fcnfte","publisher":{"@id":"https:\/\/contractbeds.eu\/de\/#organization"},"potentialAction":[{"@type":"SearchAction","target":{"@type":"EntryPoint","urlTemplate":"https:\/\/contractbeds.eu\/de\/?s={search_term_string}"},"query-input":{"@type":"PropertyValueSpecification","valueRequired":true,"valueName":"search_term_string"}}],"inLanguage":"de"},{"@type":"Organization","@id":"https:\/\/contractbeds.eu\/de\/#organization","name":"BIO-TEXTIMA Kft.","url":"https:\/\/contractbeds.eu\/de\/","logo":{"@type":"ImageObject","inLanguage":"de","@id":"https:\/\/contractbeds.eu\/de\/#\/schema\/logo\/image\/","url":"https:\/\/contractbeds.eu\/wp-content\/uploads\/2021\/03\/biotex_logo.jpg","contentUrl":"https:\/\/contractbeds.eu\/wp-content\/uploads\/2021\/03\/biotex_logo.jpg","width":335,"height":149,"caption":"BIO-TEXTIMA Kft."},"image":{"@id":"https:\/\/contractbeds.eu\/de\/#\/schema\/logo\/image\/"}}]}},"_links":{"self":[{"href":"https:\/\/contractbeds.eu\/de\/wp-json\/wp\/v2\/pages\/8417","targetHints":{"allow":["GET"]}}],"collection":[{"href":"https:\/\/contractbeds.eu\/de\/wp-json\/wp\/v2\/pages"}],"about":[{"href":"https:\/\/contractbeds.eu\/de\/wp-json\/wp\/v2\/types\/page"}],"author":[{"embeddable":true,"href":"https:\/\/contractbeds.eu\/de\/wp-json\/wp\/v2\/users\/1"}],"replies":[{"embeddable":true,"href":"https:\/\/contractbeds.eu\/de\/wp-json\/wp\/v2\/comments?post=8417"}],"version-history":[{"count":1,"href":"https:\/\/contractbeds.eu\/de\/wp-json\/wp\/v2\/pages\/8417\/revisions"}],"predecessor-version":[{"id":16892,"href":"https:\/\/contractbeds.eu\/de\/wp-json\/wp\/v2\/pages\/8417\/revisions\/16892"}],"wp:attachment":[{"href":"https:\/\/contractbeds.eu\/de\/wp-json\/wp\/v2\/media?parent=8417"}],"curies":[{"name":"wp","href":"https:\/\/api.w.org\/{rel}","templated":true}]}}