{"id":16915,"date":"2024-04-17T05:44:45","date_gmt":"2024-04-17T05:44:45","guid":{"rendered":"https:\/\/contractbeds.eu\/?page_id=16915"},"modified":"2024-04-17T05:44:55","modified_gmt":"2024-04-17T05:44:55","slug":"politique-de-confidentialite","status":"publish","type":"page","link":"https:\/\/contractbeds.eu\/fr\/politique-de-confidentialite\/","title":{"rendered":"Politique de confidentialit\u00e9"},"content":{"rendered":"\n<h2 class=\"wp-block-heading\"><strong>Politique de confidentialit\u00e9<\/strong><\/h2>\n\n\n\n<p><\/p>\n\n\n\n<p>Cher Client,<\/p>\n\n\n\n<p>Nous tenons \u00e0 vous informer que nous stockons et traitons vos donn\u00e9es personnelles pour la facturation, la communication, la gestion des r\u00e9clamations qualit\u00e9, et d&rsquo;autres cas qui seront d\u00e9taill\u00e9s ult\u00e9rieurement. Afin que vous puissiez avoir une vue d&rsquo;ensemble de ces traitements de donn\u00e9es, nous avons \u00e9labor\u00e9 cette politique de confidentialit\u00e9 dans laquelle nous expliquons en d\u00e9tail ce que nous faisons et pourquoi. Si vous avez des questions suppl\u00e9mentaires ou souhaitez exercer vos droits conform\u00e9ment au R\u00e8glement G\u00e9n\u00e9ral sur la Protection des Donn\u00e9es (articles 12 \u00e0 23), tels que le droit d&rsquo;acc\u00e8s, de rectification, de suppression, etc., veuillez contacter notre coll\u00e8gue d\u00e9sign\u00e9 en toute confiance !<\/p>\n\n\n\n<p>Le responsable du traitement des donn\u00e9es est Bio-textima Kft. Notre si\u00e8ge social est situ\u00e9 \u00e0 9167 B\u0151s\u00e1rk\u00e1ny, Ipar u. 1. Notre soci\u00e9t\u00e9 est enregistr\u00e9e sous le num\u00e9ro 08-09-003818 aupr\u00e8s du tribunal de commerce du comitat de Gy\u0151r-Moson-Sopron. Notre num\u00e9ro de TVA est le 11131841-2-08. Nous pouvons traiter vos donn\u00e9es personnelles dans les cas suivants :<\/p>\n\n\n\n<ol class=\"wp-block-list\" type=\"1\"><li>Pr\u00e9paration et conclusion de contrats, notamment lors d&rsquo;achats sur notre boutique en ligne.<\/li><li>Communication.<\/li><li>Gestion des r\u00e9clamations qualit\u00e9.<\/li><li>Candidature \u00e0 nos offres d&#8217;emploi.<\/li><li>Navigation sur notre site web.<\/li><li>Participation \u00e0 des \u00e9v\u00e9nements.<\/li><li>Interactions sur les r\u00e9seaux sociaux.<\/li><\/ol>\n\n\n\n<p>\u00c0 la fin du document, vous trouverez vos droits en mati\u00e8re de traitement des donn\u00e9es, ainsi que les coordonn\u00e9es \u00e0 contacter en cas de questions ou de demandes, et l&rsquo;autorit\u00e9 de surveillance comp\u00e9tente en mati\u00e8re de traitement des donn\u00e9es.<\/p>\n\n\n\n<p><strong>I. Traitement des donn\u00e9es li\u00e9es aux contrats et \u00e0 la facturation<\/strong><\/p>\n\n\n\n<p>Nous traitons les donn\u00e9es suivantes pour pr\u00e9parer les contrats, les ex\u00e9cuter et \u00e9mettre les factures correspondantes. Lors de la conclusion des contrats, nous traitons les donn\u00e9es dans le but d&rsquo;ex\u00e9cuter le contrat (fondement juridique du traitement des donn\u00e9es : GDPR art. 6(1)(b)). La loi nous impose de traiter les donn\u00e9es pour l&rsquo;\u00e9mission des factures (fondement juridique du traitement des donn\u00e9es : GDPR art. 6(1)(c)).<\/p>\n\n\n\n<p>Donn\u00e9es trait\u00e9es :<\/p>\n\n\n\n<ul class=\"wp-block-list\"><li>Votre nom, adresse.<\/li><li>La date, l&rsquo;heure de l&rsquo;achat, le nom du produit ou du service achet\u00e9, la quantit\u00e9, le prix d&rsquo;achat, le mode de paiement.<\/li><li>Pour les entrepreneurs individuels, nous stockons \u00e9galement leur num\u00e9ro d&rsquo;identification fiscale.<\/li><\/ul>\n\n\n\n<p>Transfert de donn\u00e9es : Nous utilisons un syst\u00e8me de facturation en ligne pour \u00e9mettre nos factures. Les donn\u00e9es sont stock\u00e9es sur cette plateforme et partag\u00e9es avec le prestataire de services. Lors d&rsquo;un paiement par carte bancaire, nous partageons les informations du payeur, le montant de la transaction, la date et l&rsquo;heure avec le prestataire du terminal ou de la plateforme de paiement en ligne.<\/p>\n\n\n\n<p>Lors d&rsquo;un achat sur notre boutique en ligne, les donn\u00e9es sont stock\u00e9es sur les serveurs du prestataire de services technologiques et sont \u00e9galement partag\u00e9es avec l&rsquo;agence exploitant la boutique en ligne.<\/p>\n\n\n\n<p>Dur\u00e9e de conservation : Nous conservons les donn\u00e9es conform\u00e9ment \u00e0 la l\u00e9gislation comptable.<\/p>\n\n\n\n<p><strong>II. Traitement des donn\u00e9es li\u00e9es \u00e0 la communication<\/strong><\/p>\n\n\n\n<p>Afin de pouvoir vous contacter et vous informer des \u00e9ventuels changements, nous traitons vos donn\u00e9es. Ceci rel\u00e8ve de l&rsquo;int\u00e9r\u00eat l\u00e9gitime de l&rsquo;entreprise en mati\u00e8re de communication (fondement juridique du traitement des donn\u00e9es : GDPR art. 6(1)(f)).<\/p>\n\n\n\n<p>Vous avez le droit de vous opposer \u00e0 tout moment au traitement de vos donn\u00e9es. Veuillez nous contacter par \u00e9crit pour exercer ce droit !<\/p>\n\n\n\n<p>Donn\u00e9es trait\u00e9es :<\/p>\n\n\n\n<ul class=\"wp-block-list\"><li>Votre nom.<\/li><li>Votre identifiant utilis\u00e9 sur les r\u00e9seaux sociaux le cas \u00e9ch\u00e9ant.<\/li><li>Votre num\u00e9ro de t\u00e9l\u00e9phone.<\/li><li>Les autres donn\u00e9es personnelles fournies dans le message.<\/li><li>Si vous \u00eates employ\u00e9(e) chez l&rsquo;un de nos partenaires commerciaux, nous traitons \u00e9galement le nom de l&rsquo;entreprise (au nom de laquelle vous nous avez contact\u00e9s) et votre poste.<\/li><\/ul>\n\n\n\n<p>Transfert de donn\u00e9es : Nous partageons les donn\u00e9es avec l&rsquo;op\u00e9rateur de la plateforme de messagerie avec laquelle nous sommes en contact (par exemple : en cas d&rsquo;e-mail, avec les fournisseurs de services technologiques).<\/p>\n\n\n\n<p>Les messages envoy\u00e9s dans le cadre du marketing et de l&rsquo;exploitation de la boutique en ligne sont g\u00e9r\u00e9s par une agence de marketing.<\/p>\n\n\n\n<p>Dur\u00e9e de conservation : Nous conservons les donn\u00e9es pendant une p\u00e9riode appropri\u00e9e en fonction du contenu du message, et les supprimons sur demande (sauf si cela contrevient \u00e0 une obligation l\u00e9gale).<\/p>\n\n\n\n<p><strong>III. <\/strong><strong>La gestion des r\u00e9clamations qualit\u00e9<\/strong><strong><\/strong><\/p>\n\n\n\n<p>Si vous faites une inscription dans le livre des plaintes des clients, nous traitons vos donn\u00e9es qui y figurent dans le cadre de notre obligation l\u00e9gale. [Base juridique du traitement des donn\u00e9es selon le RGPD 6) c)]<\/p>\n\n\n\n<p>Donn\u00e9es trait\u00e9es :<\/p>\n\n\n\n<ul class=\"wp-block-list\"><li>Votre nom<\/li><li>Adresse e-mail, adresse postale<\/li><li>Num\u00e9ro de t\u00e9l\u00e9phone<\/li><li>Date et contenu de l&rsquo;inscription<\/li><li>Toutes autres donn\u00e9es personnelles fournies dans l&rsquo;inscription<\/li><\/ul>\n\n\n\n<p>Transfert de donn\u00e9es : Les donn\u00e9es ne sont pas transmises.<\/p>\n\n\n\n<p>Dur\u00e9e de conservation : Les donn\u00e9es sont conserv\u00e9es pendant la dur\u00e9e prescrite par la loi.<\/p>\n\n\n\n<p><strong>IV. Traitement des donn\u00e9es dans le cadre du recrutement<\/strong><\/p>\n\n\n\n<p><strong>Traitement des donn\u00e9es au moment de la candidature :<\/strong><\/p>\n\n\n\n<p>Dans le cadre du processus de s\u00e9lection, nous utilisons les donn\u00e9es que vous nous avez envoy\u00e9es dans votre CV, votre lettre de motivation et votre candidature pour documenter votre candidature \u00e0 un poste vacant, et pour vous permettre de participer au processus de s\u00e9lection. Ceci est dans l&rsquo;int\u00e9r\u00eat l\u00e9gitime du responsable du traitement pour la s\u00e9lection du personnel. [Base juridique du traitement des donn\u00e9es selon le RGPD 6) f)]<\/p>\n\n\n\n<p>Vous pouvez \u00e0 tout moment vous opposer au traitement de vos donn\u00e9es. Pour ce faire, veuillez nous contacter par \u00e9crit !<\/p>\n\n\n\n<p>Donn\u00e9es trait\u00e9es :<\/p>\n\n\n\n<ul class=\"wp-block-list\"><li>Votre nom<\/li><li>Adresse e-mail, domicile et r\u00e9sidence<\/li><li>Num\u00e9ro de t\u00e9l\u00e9phone<\/li><li>Lieu et date de naissance, nom de votre m\u00e8re<\/li><li>Vos qualifications, lieux et dates d&rsquo;obtention<\/li><li>Toutes autres donn\u00e9es personnelles que vous avez partag\u00e9es lors de votre candidature<\/li><li>Nous conservons \u00e9galement votre photo, votre lettre de motivation ainsi que les copies de vos dipl\u00f4mes scolaires et autres.<\/li><\/ul>\n\n\n\n<p>Transfert de donn\u00e9es : En cas de r\u00e9ception des CV par e-mail, ceux-ci transitent par les serveurs du prestataire technologique.<\/p>\n\n\n\n<p>Dur\u00e9e de conservation : Les donn\u00e9es sont trait\u00e9es pendant la dur\u00e9e du processus de s\u00e9lection, puis supprim\u00e9es.<\/p>\n\n\n\n<p><strong>Traitement des donn\u00e9es apr\u00e8s le recrutement pour un poste annonc\u00e9&nbsp;:<\/strong><\/p>\n\n\n\n<p>i. Une fois le processus de s\u00e9lection termin\u00e9, nous utilisons les donn\u00e9es du candidat retenu pour pr\u00e9parer les contrats de travail. [Base juridique du traitement des donn\u00e9es selon le RGPD 6) b)] Les autres traitements de donn\u00e9es sont communiqu\u00e9s \u00e0 nos employ\u00e9s apr\u00e8s la signature du contrat de travail.<\/p>\n\n\n\n<p>Donn\u00e9es trait\u00e9es : Les donn\u00e9es trait\u00e9es sont identiques \u00e0 celles \u00e9num\u00e9r\u00e9es pr\u00e9c\u00e9demment.<\/p>\n\n\n\n<p>Transfert de donn\u00e9es : Nous transmettons les donn\u00e9es \u00e0 l&rsquo;avocat et au comptable de l&rsquo;entreprise pour la pr\u00e9paration des contrats.<\/p>\n\n\n\n<p>Dur\u00e9e de conservation : Les donn\u00e9es sont trait\u00e9es pendant la dur\u00e9e de l&#8217;emploi et conserv\u00e9es pendant la dur\u00e9e prescrite par la loi.<\/p>\n\n\n\n<p>ii. Dans les cas o\u00f9 vous n&rsquo;\u00eates pas s\u00e9lectionn\u00e9(e) pour le poste annonc\u00e9 dans le cadre du processus de s\u00e9lection, nous continuons \u00e0 traiter votre CV, avec votre consentement, pour d&rsquo;autres processus de s\u00e9lection ult\u00e9rieurs. [Base juridique du traitement des donn\u00e9es selon le RGPD 6) a)]<\/p>\n\n\n\n<p>Donn\u00e9es trait\u00e9es : Les donn\u00e9es trait\u00e9es sont identiques \u00e0 celles \u00e9num\u00e9r\u00e9es pr\u00e9c\u00e9demment.<\/p>\n\n\n\n<p>Transfert de donn\u00e9es : Les donn\u00e9es sont \u00e9galement stock\u00e9es sur nos serveurs de messagerie et peuvent \u00eatre partag\u00e9es avec des agences de recrutement.<\/p>\n\n\n\n<p>Dur\u00e9e de conservation : Les donn\u00e9es sont conserv\u00e9es pendant 1 an.<\/p>\n\n\n\n<p><strong>V. Information pour les visiteurs du site<\/strong><\/p>\n\n\n\n<p>Lors de la visite du site, des donn\u00e9es personnelles sont enregistr\u00e9es dans les journaux du serveur \u00e0 des fins de s\u00e9curit\u00e9 informatique. Cela correspond \u00e0 l&rsquo;int\u00e9r\u00eat l\u00e9gitime de l&rsquo;entreprise pour atteindre des objectifs de s\u00e9curit\u00e9 informatique. [Base l\u00e9gale du traitement des donn\u00e9es GDPR 6) f)]<\/p>\n\n\n\n<p>Vous pouvez \u00e0 tout moment vous opposer au traitement de vos donn\u00e9es. Pour ce faire, veuillez nous contacter par \u00e9crit !<\/p>\n\n\n\n<p>Lors des achats sur notre boutique en ligne, vous pouvez lire les informations sur le traitement des donn\u00e9es dans la partie relative aux contrats.<\/p>\n\n\n\n<p>Donn\u00e9es trait\u00e9es :<\/p>\n\n\n\n<ul class=\"wp-block-list\"><li>Adresses IP des visiteurs<\/li><li>\u00ab\u00a0Empreintes digitales\u00a0\u00bb du navigateur<\/li><\/ul>\n\n\n\n<p>Transferts de donn\u00e9es : Les donn\u00e9es sont stock\u00e9es sur les serveurs du fournisseur de services technologiques du site web.<\/p>\n\n\n\n<p>Dur\u00e9e de stockage : Ces journaux sont supprim\u00e9s apr\u00e8s 1 mois.<\/p>\n\n\n\n<p>Si vous nous contactez via notre site web en remplissant le formulaire de contact, vos donn\u00e9es personnelles seront trait\u00e9es conform\u00e9ment aux dispositions de la section II de cette information.<\/p>\n\n\n\n<p><strong>VI. Traitement des donn\u00e9es lors d&rsquo;\u00e9v\u00e9nements<\/strong><\/p>\n\n\n\n<p>Lors d&rsquo;expositions, de salons et d&rsquo;autres \u00e9v\u00e9nements, vous pouvez \u00e9galement nous rencontrer en personne. Lors de ces \u00e9v\u00e9nements, nous prenons des photos et des vid\u00e9os que nous publions sur nos r\u00e9seaux sociaux, notre site web et nos publications publicitaires p\u00e9riodiques. Ce traitement des donn\u00e9es correspond \u00e0 l&rsquo;int\u00e9r\u00eat l\u00e9gitime de l&rsquo;entreprise pour informer le public. [Base l\u00e9gale du traitement des donn\u00e9es GDPR 6) f)]<\/p>\n\n\n\n<p>Vous pouvez \u00e0 tout moment vous opposer au traitement de vos donn\u00e9es. Pour ce faire, veuillez nous contacter par \u00e9crit !<\/p>\n\n\n\n<p>Donn\u00e9es trait\u00e9es :<\/p>\n\n\n\n<ul class=\"wp-block-list\"><li>Enregistrements vid\u00e9o et photo<\/li><li>Lieu et heure des enregistrements<\/li><li>Confirmation de votre participation \u00e0 l&rsquo;\u00e9v\u00e9nement<\/li><\/ul>\n\n\n\n<p>Transferts de donn\u00e9es : Les donn\u00e9es sont transmises aux fournisseurs de services technologiques de notre site web. Vous trouverez des informations suppl\u00e9mentaires sur le traitement des donn\u00e9es sur les r\u00e9seaux sociaux dans une section distincte.<\/p>\n\n\n\n<p>Dur\u00e9e de stockage : Les donn\u00e9es sont supprim\u00e9es en cas d&rsquo;opposition, sinon elles sont conserv\u00e9es sans \u00eatre supprim\u00e9es.<\/p>\n\n\n\n<p><strong>VII. Traitement des donn\u00e9es sur les r\u00e9seaux sociaux<\/strong><\/p>\n\n\n\n<p>Nous sommes conjointement responsables, avec le fournisseur de services, du traitement l\u00e9gal des donn\u00e9es personnelles r\u00e9sultant de la visite de nos pages ou de l&rsquo;interaction avec celles-ci sur les m\u00e9dias sociaux que nous avons cr\u00e9\u00e9s.<\/p>\n\n\n\n<p>Les d\u00e9tails des traitements que nous effectuons sont disponibles dans cette politique de confidentialit\u00e9. Les coordonn\u00e9es des fournisseurs de services et les d\u00e9tails du traitement des donn\u00e9es conjointes sont disponibles ici :<\/p>\n\n\n\n<p>\u2022 Analyses de la page Facebook (fournisseur : Meta Platforms) <a href=\"https:\/\/www.facebook.com\/legal\/terms\/page_controller_addendum\">https:\/\/www.facebook.com\/legal\/terms\/page_controller_addendum<\/a><\/p>\n\n\n\n<p>\u2022 Instagram (fournisseur : Meta Platforms) <a href=\"https:\/\/www.facebook.com\/legal\/terms\/page_controller_addendum\">https:\/\/www.facebook.com\/legal\/terms\/page_controller_addendum<\/a><\/p>\n\n\n\n<p>Nous traitons les donn\u00e9es dans le cadre de notre int\u00e9r\u00eat l\u00e9gitime pour notre pr\u00e9sence sur les m\u00e9dias sociaux. [Base l\u00e9gale du traitement des donn\u00e9es : article 6, paragraphe f) du RGPD]<\/p>\n\n\n\n<p>Vous pouvez \u00e0 tout moment vous opposer au traitement de vos donn\u00e9es. Pour ce faire, veuillez contacter l&rsquo;exploitant de la plateforme concern\u00e9e par \u00e9crit.<\/p>\n\n\n\n<p>\u00c9tendue des donn\u00e9es trait\u00e9es : En cas de questions relatives \u00e0 des donn\u00e9es personnelles, le fournisseur de services peut fournir des informations. En tant qu&rsquo;op\u00e9rateurs de donn\u00e9es, nous n&rsquo;avons acc\u00e8s qu&rsquo;aux activit\u00e9s visibles (r\u00e9actions, commentaires, partages, etc.) et non aux donn\u00e9es personnelles sp\u00e9cifiques trait\u00e9es par le fournisseur, seulement \u00e0 des analyses statistiques agr\u00e9g\u00e9es et anonymis\u00e9es.<\/p>\n\n\n\n<p>Transfert des donn\u00e9es : Les donn\u00e9es que nous avons recueillies ne sont pas communiqu\u00e9es \u00e0 des tiers.<\/p>\n\n\n\n<p>Dur\u00e9e de conservation : Les donn\u00e9es sont conserv\u00e9es tant que l&rsquo;utilisateur reste actif sur la page de m\u00e9dias sociaux en question et interagit avec elle.<\/p>\n\n\n\n<p><strong>Droits li\u00e9s au RGPD :<\/strong><\/p>\n\n\n\n<p><strong>Vous avez le droit d&rsquo;acc\u00e9der \u00e0 vos donn\u00e9es personnelles, de les corriger, de les supprimer ou de limiter leur traitement \u00e0 tout moment, et vous pouvez vous opposer au traitement de ces donn\u00e9es. Vous pouvez \u00e9galement demander \u00e0 recevoir ces informations sous une forme portable. Pour plus d&rsquo;informations, consultez les articles 12 \u00e0 23 du RGPD.<\/strong><\/p>\n\n\n\n<p>Si vous avez des questions ou des demandes concernant le traitement des donn\u00e9es, veuillez nous contacter ! <strong>Dans ces cas, veuillez adresser votre plainte \u00e0 notre d\u00e9l\u00e9gu\u00e9 \u00e0 la protection des donn\u00e9es :<\/strong><\/p>\n\n\n\n<p>Nom du d\u00e9l\u00e9gu\u00e9 : Gyula V\u00f6r\u00f6s<\/p>\n\n\n\n<p>Adresse e-mail : voros.gyula [at] bio-textima.hu<\/p>\n\n\n\n<p>Vous pouvez d\u00e9poser votre plainte \u00e0 l&rsquo;adresse suivante : Autorit\u00e9 nationale de protection des donn\u00e9es et de la libert\u00e9 d&rsquo;information<\/p>\n\n\n\n<p>naih.hu<\/p>\n","protected":false},"excerpt":{"rendered":"<p>Politique de confidentialit\u00e9 Cher Client, Nous tenons \u00e0 vous informer que nous stockons et traitons vos donn\u00e9es personnelles pour la facturation, la communication, la gestion des r\u00e9clamations qualit\u00e9, et d&rsquo;autres cas qui seront d\u00e9taill\u00e9s ult\u00e9rieurement. Afin que vous puissiez avoir une vue d&rsquo;ensemble de ces traitements de donn\u00e9es, nous avons \u00e9labor\u00e9 cette politique de confidentialit\u00e9 [&hellip;]<\/p>\n","protected":false},"author":3,"featured_media":0,"parent":0,"menu_order":0,"comment_status":"closed","ping_status":"closed","template":"","meta":{"footnotes":""},"class_list":["post-16915","page","type-page","status-publish","hentry"],"yoast_head":"<!-- This site is optimized with the Yoast SEO plugin v27.0 - https:\/\/yoast.com\/product\/yoast-seo-wordpress\/ -->\n<title>Politique de confidentialit\u00e9 - Bio-Textima H\u00e1l\u00f3szoba Manufakt\u00fara<\/title>\n<meta name=\"robots\" content=\"index, follow, max-snippet:-1, max-image-preview:large, max-video-preview:-1\" \/>\n<link rel=\"canonical\" href=\"https:\/\/contractbeds.eu\/fr\/politique-de-confidentialite\/\" \/>\n<meta property=\"og:locale\" content=\"fr_FR\" \/>\n<meta property=\"og:type\" content=\"article\" \/>\n<meta property=\"og:title\" content=\"Politique de confidentialit\u00e9 - Bio-Textima H\u00e1l\u00f3szoba Manufakt\u00fara\" \/>\n<meta property=\"og:description\" content=\"Politique de confidentialit\u00e9 Cher Client, Nous tenons \u00e0 vous informer que nous stockons et traitons vos donn\u00e9es personnelles pour la facturation, la communication, la gestion des r\u00e9clamations qualit\u00e9, et d&rsquo;autres cas qui seront d\u00e9taill\u00e9s ult\u00e9rieurement. Afin que vous puissiez avoir une vue d&rsquo;ensemble de ces traitements de donn\u00e9es, nous avons \u00e9labor\u00e9 cette politique de confidentialit\u00e9 [&hellip;]\" \/>\n<meta property=\"og:url\" content=\"https:\/\/contractbeds.eu\/fr\/politique-de-confidentialite\/\" \/>\n<meta property=\"og:site_name\" content=\"Bio-Textima H\u00e1l\u00f3szoba Manufakt\u00fara\" \/>\n<meta property=\"article:modified_time\" content=\"2024-04-17T05:44:55+00:00\" \/>\n<meta name=\"twitter:card\" content=\"summary_large_image\" \/>\n<meta name=\"twitter:label1\" content=\"Dur\u00e9e de lecture estim\u00e9e\" \/>\n\t<meta name=\"twitter:data1\" content=\"9 minutes\" \/>\n<script type=\"application\/ld+json\" class=\"yoast-schema-graph\">{\"@context\":\"https:\/\/schema.org\",\"@graph\":[{\"@type\":\"WebPage\",\"@id\":\"https:\/\/contractbeds.eu\/fr\/politique-de-confidentialite\/\",\"url\":\"https:\/\/contractbeds.eu\/fr\/politique-de-confidentialite\/\",\"name\":\"Politique de confidentialit\u00e9 - Bio-Textima H\u00e1l\u00f3szoba Manufakt\u00fara\",\"isPartOf\":{\"@id\":\"https:\/\/contractbeds.eu\/fr\/#website\"},\"datePublished\":\"2024-04-17T05:44:45+00:00\",\"dateModified\":\"2024-04-17T05:44:55+00:00\",\"breadcrumb\":{\"@id\":\"https:\/\/contractbeds.eu\/fr\/politique-de-confidentialite\/#breadcrumb\"},\"inLanguage\":\"fr-FR\",\"potentialAction\":[{\"@type\":\"ReadAction\",\"target\":[\"https:\/\/contractbeds.eu\/fr\/politique-de-confidentialite\/\"]}]},{\"@type\":\"BreadcrumbList\",\"@id\":\"https:\/\/contractbeds.eu\/fr\/politique-de-confidentialite\/#breadcrumb\",\"itemListElement\":[{\"@type\":\"ListItem\",\"position\":1,\"name\":\"Page d'accueil\",\"item\":\"https:\/\/contractbeds.eu\/fr\/\"},{\"@type\":\"ListItem\",\"position\":2,\"name\":\"Politique de confidentialit\u00e9\"}]},{\"@type\":\"WebSite\",\"@id\":\"https:\/\/contractbeds.eu\/fr\/#website\",\"url\":\"https:\/\/contractbeds.eu\/fr\/\",\"name\":\"Bio-Textima H\u00e1l\u00f3szoba Manufakt\u00fara\",\"description\":\"\u00c1gyak \u00e9s matracok a sz\u00e1llodaipar sz\u00e1m\u00e1ra\",\"publisher\":{\"@id\":\"https:\/\/contractbeds.eu\/fr\/#organization\"},\"potentialAction\":[{\"@type\":\"SearchAction\",\"target\":{\"@type\":\"EntryPoint\",\"urlTemplate\":\"https:\/\/contractbeds.eu\/fr\/?s={search_term_string}\"},\"query-input\":{\"@type\":\"PropertyValueSpecification\",\"valueRequired\":true,\"valueName\":\"search_term_string\"}}],\"inLanguage\":\"fr-FR\"},{\"@type\":\"Organization\",\"@id\":\"https:\/\/contractbeds.eu\/fr\/#organization\",\"name\":\"BIO-TEXTIMA Kft.\",\"url\":\"https:\/\/contractbeds.eu\/fr\/\",\"logo\":{\"@type\":\"ImageObject\",\"inLanguage\":\"fr-FR\",\"@id\":\"https:\/\/contractbeds.eu\/fr\/#\/schema\/logo\/image\/\",\"url\":\"https:\/\/contractbeds.eu\/wp-content\/uploads\/2021\/03\/biotex_logo.jpg\",\"contentUrl\":\"https:\/\/contractbeds.eu\/wp-content\/uploads\/2021\/03\/biotex_logo.jpg\",\"width\":335,\"height\":149,\"caption\":\"BIO-TEXTIMA Kft.\"},\"image\":{\"@id\":\"https:\/\/contractbeds.eu\/fr\/#\/schema\/logo\/image\/\"}}]}<\/script>\n<!-- \/ Yoast SEO plugin. -->","yoast_head_json":{"title":"Politique de confidentialit\u00e9 - Bio-Textima H\u00e1l\u00f3szoba Manufakt\u00fara","robots":{"index":"index","follow":"follow","max-snippet":"max-snippet:-1","max-image-preview":"max-image-preview:large","max-video-preview":"max-video-preview:-1"},"canonical":"https:\/\/contractbeds.eu\/fr\/politique-de-confidentialite\/","og_locale":"fr_FR","og_type":"article","og_title":"Politique de confidentialit\u00e9 - Bio-Textima H\u00e1l\u00f3szoba Manufakt\u00fara","og_description":"Politique de confidentialit\u00e9 Cher Client, Nous tenons \u00e0 vous informer que nous stockons et traitons vos donn\u00e9es personnelles pour la facturation, la communication, la gestion des r\u00e9clamations qualit\u00e9, et d&rsquo;autres cas qui seront d\u00e9taill\u00e9s ult\u00e9rieurement. Afin que vous puissiez avoir une vue d&rsquo;ensemble de ces traitements de donn\u00e9es, nous avons \u00e9labor\u00e9 cette politique de confidentialit\u00e9 [&hellip;]","og_url":"https:\/\/contractbeds.eu\/fr\/politique-de-confidentialite\/","og_site_name":"Bio-Textima H\u00e1l\u00f3szoba Manufakt\u00fara","article_modified_time":"2024-04-17T05:44:55+00:00","twitter_card":"summary_large_image","twitter_misc":{"Dur\u00e9e de lecture estim\u00e9e":"9 minutes"},"schema":{"@context":"https:\/\/schema.org","@graph":[{"@type":"WebPage","@id":"https:\/\/contractbeds.eu\/fr\/politique-de-confidentialite\/","url":"https:\/\/contractbeds.eu\/fr\/politique-de-confidentialite\/","name":"Politique de confidentialit\u00e9 - Bio-Textima H\u00e1l\u00f3szoba Manufakt\u00fara","isPartOf":{"@id":"https:\/\/contractbeds.eu\/fr\/#website"},"datePublished":"2024-04-17T05:44:45+00:00","dateModified":"2024-04-17T05:44:55+00:00","breadcrumb":{"@id":"https:\/\/contractbeds.eu\/fr\/politique-de-confidentialite\/#breadcrumb"},"inLanguage":"fr-FR","potentialAction":[{"@type":"ReadAction","target":["https:\/\/contractbeds.eu\/fr\/politique-de-confidentialite\/"]}]},{"@type":"BreadcrumbList","@id":"https:\/\/contractbeds.eu\/fr\/politique-de-confidentialite\/#breadcrumb","itemListElement":[{"@type":"ListItem","position":1,"name":"Page d'accueil","item":"https:\/\/contractbeds.eu\/fr\/"},{"@type":"ListItem","position":2,"name":"Politique de confidentialit\u00e9"}]},{"@type":"WebSite","@id":"https:\/\/contractbeds.eu\/fr\/#website","url":"https:\/\/contractbeds.eu\/fr\/","name":"Bio-Textima H\u00e1l\u00f3szoba Manufakt\u00fara","description":"\u00c1gyak \u00e9s matracok a sz\u00e1llodaipar sz\u00e1m\u00e1ra","publisher":{"@id":"https:\/\/contractbeds.eu\/fr\/#organization"},"potentialAction":[{"@type":"SearchAction","target":{"@type":"EntryPoint","urlTemplate":"https:\/\/contractbeds.eu\/fr\/?s={search_term_string}"},"query-input":{"@type":"PropertyValueSpecification","valueRequired":true,"valueName":"search_term_string"}}],"inLanguage":"fr-FR"},{"@type":"Organization","@id":"https:\/\/contractbeds.eu\/fr\/#organization","name":"BIO-TEXTIMA Kft.","url":"https:\/\/contractbeds.eu\/fr\/","logo":{"@type":"ImageObject","inLanguage":"fr-FR","@id":"https:\/\/contractbeds.eu\/fr\/#\/schema\/logo\/image\/","url":"https:\/\/contractbeds.eu\/wp-content\/uploads\/2021\/03\/biotex_logo.jpg","contentUrl":"https:\/\/contractbeds.eu\/wp-content\/uploads\/2021\/03\/biotex_logo.jpg","width":335,"height":149,"caption":"BIO-TEXTIMA Kft."},"image":{"@id":"https:\/\/contractbeds.eu\/fr\/#\/schema\/logo\/image\/"}}]}},"_links":{"self":[{"href":"https:\/\/contractbeds.eu\/fr\/wp-json\/wp\/v2\/pages\/16915","targetHints":{"allow":["GET"]}}],"collection":[{"href":"https:\/\/contractbeds.eu\/fr\/wp-json\/wp\/v2\/pages"}],"about":[{"href":"https:\/\/contractbeds.eu\/fr\/wp-json\/wp\/v2\/types\/page"}],"author":[{"embeddable":true,"href":"https:\/\/contractbeds.eu\/fr\/wp-json\/wp\/v2\/users\/3"}],"replies":[{"embeddable":true,"href":"https:\/\/contractbeds.eu\/fr\/wp-json\/wp\/v2\/comments?post=16915"}],"version-history":[{"count":1,"href":"https:\/\/contractbeds.eu\/fr\/wp-json\/wp\/v2\/pages\/16915\/revisions"}],"predecessor-version":[{"id":16916,"href":"https:\/\/contractbeds.eu\/fr\/wp-json\/wp\/v2\/pages\/16915\/revisions\/16916"}],"wp:attachment":[{"href":"https:\/\/contractbeds.eu\/fr\/wp-json\/wp\/v2\/media?parent=16915"}],"curies":[{"name":"wp","href":"https:\/\/api.w.org\/{rel}","templated":true}]}}