{"id":14545,"date":"2020-12-02T23:45:12","date_gmt":"2020-12-02T23:45:12","guid":{"rendered":"https:\/\/contractbeds.eu\/termek\/lit-personnalisable\/"},"modified":"2023-12-05T13:04:59","modified_gmt":"2023-12-05T13:04:59","slug":"lit-personnalisable","status":"publish","type":"product","link":"https:\/\/contractbeds.eu\/fr\/produit\/lit-personnalisable\/","title":{"rendered":"Lit personnalisable"},"content":{"rendered":"","protected":false},"excerpt":{"rendered":"<p>Composez votre lit complet \u00e9tape par \u00e9tape avec notre configurateur !<\/p>\n<p>En sp\u00e9cifiant le cadre de lit, la t\u00eate de lit, le matelas et le type de surmatelas facultatif, ainsi que leurs principales caract\u00e9ristiques, vous pouvez rapidement et facilement cr\u00e9er votre demande de devis.<\/p>\n","protected":false},"featured_media":14546,"template":"","meta":[],"product_brand":[],"product_cat":[166],"product_tag":[],"class_list":{"0":"post-14545","1":"product","2":"type-product","3":"status-publish","4":"has-post-thumbnail","6":"product_cat-konfiguralhato-agy-fr","8":"first","9":"instock","10":"virtual","11":"purchasable","12":"product-type-composite"},"composite_layout":"paged","composite_add_to_cart_form_location":"default","composite_editable_in_cart":false,"composite_sold_individually_context":"product","composite_shop_price_calc":"min_max","composite_components":[{"id":"1606952712","title":"Cadre de lit","description":"<p>Choisissez le cadre de lit !<\/p>\n","query_type":"category_ids","query_ids":[167],"default_option_id":"","thumbnail_id":1702,"thumbnail_src":"https:\/\/contractbeds.eu\/wp-content\/uploads\/2018\/04\/shop14_product10.jpg","quantity_min":1,"quantity_max":"","priced_individually":true,"shipped_individually":true,"optional":false,"discount":"","options_style":"thumbnails","pagination_style":"classic","display_prices":"hidden","show_sorting_options":false,"show_filtering_options":false,"attribute_filter_ids":[],"product_title_visible":true,"product_descr_visible":true,"product_price_visible":true,"product_thumb_visible":true,"subtotal_visible_product":true,"subtotal_visible_cart":true,"subtotal_visible_orders":true},{"id":"1689071794","title":"Pied de lit","description":"<p>Choisissez les pieds de lit appropri\u00e9s !<\/p>\n<p><i>(Optionnel : Une fois la configuration termin\u00e9e, s\u00e9lectionnez 'R\u00e9sum\u00e9 et demande de devis' en haut.)<\/i><\/p>\n","query_type":"category_ids","query_ids":[168],"default_option_id":"","thumbnail_id":"","thumbnail_src":"","quantity_min":1,"quantity_max":1,"priced_individually":true,"shipped_individually":true,"optional":true,"discount":"","options_style":"thumbnails","pagination_style":"classic","display_prices":"hidden","show_sorting_options":false,"show_filtering_options":false,"attribute_filter_ids":[],"product_title_visible":true,"product_descr_visible":true,"product_price_visible":true,"product_thumb_visible":true,"subtotal_visible_product":true,"subtotal_visible_cart":true,"subtotal_visible_orders":true},{"id":"1606952714","title":"T\u00eate de lit","description":"<p>Choisissez la t\u00eate de lit appropri\u00e9e !<\/p>\n<p><i>(Optionnel : Une fois la configuration termin\u00e9e, s\u00e9lectionnez 'R\u00e9sum\u00e9 et demande de devis' en haut.)<\/i><\/p>\n","query_type":"category_ids","query_ids":[169],"default_option_id":"","thumbnail_id":"","thumbnail_src":"","quantity_min":1,"quantity_max":"","priced_individually":true,"shipped_individually":true,"optional":true,"discount":"","options_style":"thumbnails","pagination_style":"classic","display_prices":"hidden","show_sorting_options":false,"show_filtering_options":false,"attribute_filter_ids":[],"product_title_visible":true,"product_descr_visible":true,"product_price_visible":true,"product_thumb_visible":true,"subtotal_visible_product":true,"subtotal_visible_cart":true,"subtotal_visible_orders":true},{"id":"1606952713","title":"Matelas","description":"<p>Choisissez le matelas appropri\u00e9 !<\/p>\n<p><i>(Optionnel : Une fois la configuration termin\u00e9e, s\u00e9lectionnez 'R\u00e9sum\u00e9 et demande de devis' en haut.)<\/i><\/p>\n","query_type":"category_ids","query_ids":[162],"default_option_id":"","thumbnail_id":"","thumbnail_src":"","quantity_min":1,"quantity_max":2,"priced_individually":true,"shipped_individually":true,"optional":true,"discount":"","options_style":"thumbnails","pagination_style":"classic","display_prices":"hidden","show_sorting_options":false,"show_filtering_options":false,"attribute_filter_ids":[],"product_title_visible":true,"product_descr_visible":true,"product_price_visible":true,"product_thumb_visible":true,"subtotal_visible_product":true,"subtotal_visible_cart":true,"subtotal_visible_orders":true},{"id":"1689161629","title":"Prot\u00e8ge-matelas","description":"<p>Choisissez le prot\u00e8ge-matelas appropri\u00e9 !<\/p>\n<p><i>(Optionnel : Une fois la configuration termin\u00e9e, s\u00e9lectionnez 'R\u00e9sum\u00e9 et demande de devis' en haut.)<\/i><\/p>\n","query_type":"category_ids","query_ids":[172],"default_option_id":"","thumbnail_id":"","thumbnail_src":"","quantity_min":1,"quantity_max":1,"priced_individually":true,"shipped_individually":true,"optional":true,"discount":"","options_style":"thumbnails","pagination_style":"classic","display_prices":"hidden","show_sorting_options":false,"show_filtering_options":false,"attribute_filter_ids":[],"product_title_visible":true,"product_descr_visible":true,"product_price_visible":true,"product_thumb_visible":true,"subtotal_visible_product":true,"subtotal_visible_cart":true,"subtotal_visible_orders":true},{"id":"1689083973","title":"Surmatelas l\u00e9gers","description":"<p>Choisissez le surmatelas l\u00e9gers appropri\u00e9 !<\/p>\n<p><i>(Optionnel : Une fois la configuration termin\u00e9e, s\u00e9lectionnez 'R\u00e9sum\u00e9 et demande de devis' en haut.)<\/i><\/p>\n","query_type":"category_ids","query_ids":[170],"default_option_id":"","thumbnail_id":"","thumbnail_src":"","quantity_min":1,"quantity_max":1,"priced_individually":true,"shipped_individually":true,"optional":true,"discount":"","options_style":"thumbnails","pagination_style":"classic","display_prices":"hidden","show_sorting_options":false,"show_filtering_options":false,"attribute_filter_ids":[],"product_title_visible":true,"product_descr_visible":true,"product_price_visible":true,"product_thumb_visible":true,"subtotal_visible_product":true,"subtotal_visible_cart":true,"subtotal_visible_orders":true},{"id":"1614960899","title":"Surmatelas","description":"<p>Choisissez le surmatelas appropri\u00e9 !<\/p>\n<p><i>(Optionnel : Une fois la configuration termin\u00e9e, s\u00e9lectionnez 'R\u00e9sum\u00e9 et demande de devis' en haut.)<\/i><\/p>\n","query_type":"category_ids","query_ids":[171],"default_option_id":"","thumbnail_id":"","thumbnail_src":"","quantity_min":1,"quantity_max":"","priced_individually":true,"shipped_individually":true,"optional":true,"discount":"","options_style":"thumbnails","pagination_style":"classic","display_prices":"hidden","show_sorting_options":false,"show_filtering_options":false,"attribute_filter_ids":[],"product_title_visible":true,"product_descr_visible":true,"product_price_visible":true,"product_thumb_visible":true,"subtotal_visible_product":true,"subtotal_visible_cart":true,"subtotal_visible_orders":true},{"id":"1689161830","title":"Oreillers, couettes","description":"<p>Choisissez les oreillers et les couvertures appropri\u00e9s !<\/p>\n<p><i>(Optionnel : Une fois la configuration termin\u00e9e, s\u00e9lectionnez 'R\u00e9sum\u00e9 et demande de devis' en haut.)<\/i><\/p>\n","query_type":"category_ids","query_ids":[165],"default_option_id":"","thumbnail_id":"","thumbnail_src":"","quantity_min":1,"quantity_max":1,"priced_individually":true,"shipped_individually":true,"optional":true,"discount":"","options_style":"thumbnails","pagination_style":"classic","display_prices":"hidden","show_sorting_options":false,"show_filtering_options":false,"attribute_filter_ids":[],"product_title_visible":true,"product_descr_visible":true,"product_price_visible":true,"product_thumb_visible":true,"subtotal_visible_product":true,"subtotal_visible_cart":true,"subtotal_visible_orders":true}],"composite_scenarios":[{"id":"1689841476","name":"test","description":"","configuration":[{"component_id":"1606952712","component_options":[15299,15502,15896],"options_modifier":"in"},{"component_id":"1689071794","component_options":[0],"options_modifier":"masked"},{"component_id":"1606952714","component_options":[0],"options_modifier":"masked"},{"component_id":"1606952713","component_options":[0],"options_modifier":"masked"},{"component_id":"1689161629","component_options":[0],"options_modifier":"masked"},{"component_id":"1689083973","component_options":[0],"options_modifier":"masked"},{"component_id":"1614960899","component_options":[0],"options_modifier":"masked"},{"component_id":"1689161830","component_options":[0],"options_modifier":"masked"}],"actions":[{"action_id":"compat_group","is_active":false,"action_data":[]},{"action_id":"conditional_components","is_active":true,"action_data":{"hidden_components":["1689071794"]}}],"enabled":true}],"yoast_head":"<!-- This site is optimized with the Yoast SEO plugin v27.0 - https:\/\/yoast.com\/product\/yoast-seo-wordpress\/ -->\n<title>Lit personnalisable - Bio-Textima H\u00e1l\u00f3szoba Manufakt\u00fara<\/title>\n<meta name=\"robots\" content=\"index, follow, max-snippet:-1, max-image-preview:large, max-video-preview:-1\" \/>\n<link rel=\"canonical\" href=\"https:\/\/contractbeds.eu\/fr\/produit\/lit-personnalisable\/\" \/>\n<meta property=\"og:locale\" content=\"fr_FR\" \/>\n<meta property=\"og:type\" content=\"article\" \/>\n<meta property=\"og:title\" content=\"Lit personnalisable - Bio-Textima H\u00e1l\u00f3szoba Manufakt\u00fara\" \/>\n<meta property=\"og:description\" content=\"Composez votre lit complet \u00e9tape par \u00e9tape avec notre configurateur !  En sp\u00e9cifiant le cadre de lit, la t\u00eate de lit, le matelas et le type de surmatelas facultatif, ainsi que leurs principales caract\u00e9ristiques, vous pouvez rapidement et facilement cr\u00e9er votre demande de devis.\" \/>\n<meta property=\"og:url\" content=\"https:\/\/contractbeds.eu\/fr\/produit\/lit-personnalisable\/\" \/>\n<meta property=\"og:site_name\" content=\"Bio-Textima H\u00e1l\u00f3szoba Manufakt\u00fara\" \/>\n<meta property=\"article:modified_time\" content=\"2023-12-05T13:04:59+00:00\" \/>\n<meta property=\"og:image\" content=\"https:\/\/contractbeds.eu\/wp-content\/uploads\/2020\/12\/78766566_s.jpg\" \/>\n\t<meta property=\"og:image:width\" content=\"848\" \/>\n\t<meta property=\"og:image:height\" content=\"565\" \/>\n\t<meta property=\"og:image:type\" content=\"image\/jpeg\" \/>\n<meta name=\"twitter:card\" content=\"summary_large_image\" \/>\n<script type=\"application\/ld+json\" class=\"yoast-schema-graph\">{\"@context\":\"https:\/\/schema.org\",\"@graph\":[{\"@type\":\"WebPage\",\"@id\":\"https:\/\/contractbeds.eu\/fr\/produit\/lit-personnalisable\/\",\"url\":\"https:\/\/contractbeds.eu\/fr\/produit\/lit-personnalisable\/\",\"name\":\"Lit personnalisable - Bio-Textima H\u00e1l\u00f3szoba Manufakt\u00fara\",\"isPartOf\":{\"@id\":\"https:\/\/contractbeds.eu\/fr\/#website\"},\"primaryImageOfPage\":{\"@id\":\"https:\/\/contractbeds.eu\/fr\/produit\/lit-personnalisable\/#primaryimage\"},\"image\":{\"@id\":\"https:\/\/contractbeds.eu\/fr\/produit\/lit-personnalisable\/#primaryimage\"},\"thumbnailUrl\":\"https:\/\/contractbeds.eu\/wp-content\/uploads\/2020\/12\/78766566_s.jpg\",\"datePublished\":\"2020-12-02T23:45:12+00:00\",\"dateModified\":\"2023-12-05T13:04:59+00:00\",\"breadcrumb\":{\"@id\":\"https:\/\/contractbeds.eu\/fr\/produit\/lit-personnalisable\/#breadcrumb\"},\"inLanguage\":\"fr-FR\",\"potentialAction\":[{\"@type\":\"ReadAction\",\"target\":[\"https:\/\/contractbeds.eu\/fr\/produit\/lit-personnalisable\/\"]}]},{\"@type\":\"ImageObject\",\"inLanguage\":\"fr-FR\",\"@id\":\"https:\/\/contractbeds.eu\/fr\/produit\/lit-personnalisable\/#primaryimage\",\"url\":\"https:\/\/contractbeds.eu\/wp-content\/uploads\/2020\/12\/78766566_s.jpg\",\"contentUrl\":\"https:\/\/contractbeds.eu\/wp-content\/uploads\/2020\/12\/78766566_s.jpg\",\"width\":848,\"height\":565,\"caption\":\"bedroom planning design\"},{\"@type\":\"BreadcrumbList\",\"@id\":\"https:\/\/contractbeds.eu\/fr\/produit\/lit-personnalisable\/#breadcrumb\",\"itemListElement\":[{\"@type\":\"ListItem\",\"position\":1,\"name\":\"Page d'accueil\",\"item\":\"https:\/\/contractbeds.eu\/fr\/\"},{\"@type\":\"ListItem\",\"position\":2,\"name\":\"Tous les produits\",\"item\":\"https:\/\/contractbeds.eu\/termekeink\/\"},{\"@type\":\"ListItem\",\"position\":3,\"name\":\"Lit personnalisable\"}]},{\"@type\":\"WebSite\",\"@id\":\"https:\/\/contractbeds.eu\/fr\/#website\",\"url\":\"https:\/\/contractbeds.eu\/fr\/\",\"name\":\"Bio-Textima H\u00e1l\u00f3szoba Manufakt\u00fara\",\"description\":\"\u00c1gyak \u00e9s matracok a sz\u00e1llodaipar sz\u00e1m\u00e1ra\",\"publisher\":{\"@id\":\"https:\/\/contractbeds.eu\/fr\/#organization\"},\"potentialAction\":[{\"@type\":\"SearchAction\",\"target\":{\"@type\":\"EntryPoint\",\"urlTemplate\":\"https:\/\/contractbeds.eu\/fr\/?s={search_term_string}\"},\"query-input\":{\"@type\":\"PropertyValueSpecification\",\"valueRequired\":true,\"valueName\":\"search_term_string\"}}],\"inLanguage\":\"fr-FR\"},{\"@type\":\"Organization\",\"@id\":\"https:\/\/contractbeds.eu\/fr\/#organization\",\"name\":\"BIO-TEXTIMA Kft.\",\"url\":\"https:\/\/contractbeds.eu\/fr\/\",\"logo\":{\"@type\":\"ImageObject\",\"inLanguage\":\"fr-FR\",\"@id\":\"https:\/\/contractbeds.eu\/fr\/#\/schema\/logo\/image\/\",\"url\":\"https:\/\/contractbeds.eu\/wp-content\/uploads\/2021\/03\/biotex_logo.jpg\",\"contentUrl\":\"https:\/\/contractbeds.eu\/wp-content\/uploads\/2021\/03\/biotex_logo.jpg\",\"width\":335,\"height\":149,\"caption\":\"BIO-TEXTIMA Kft.\"},\"image\":{\"@id\":\"https:\/\/contractbeds.eu\/fr\/#\/schema\/logo\/image\/\"}}]}<\/script>\n<!-- \/ Yoast SEO plugin. -->","yoast_head_json":{"title":"Lit personnalisable - Bio-Textima H\u00e1l\u00f3szoba Manufakt\u00fara","robots":{"index":"index","follow":"follow","max-snippet":"max-snippet:-1","max-image-preview":"max-image-preview:large","max-video-preview":"max-video-preview:-1"},"canonical":"https:\/\/contractbeds.eu\/fr\/produit\/lit-personnalisable\/","og_locale":"fr_FR","og_type":"article","og_title":"Lit personnalisable - Bio-Textima H\u00e1l\u00f3szoba Manufakt\u00fara","og_description":"Composez votre lit complet \u00e9tape par \u00e9tape avec notre configurateur !  En sp\u00e9cifiant le cadre de lit, la t\u00eate de lit, le matelas et le type de surmatelas facultatif, ainsi que leurs principales caract\u00e9ristiques, vous pouvez rapidement et facilement cr\u00e9er votre demande de devis.","og_url":"https:\/\/contractbeds.eu\/fr\/produit\/lit-personnalisable\/","og_site_name":"Bio-Textima H\u00e1l\u00f3szoba Manufakt\u00fara","article_modified_time":"2023-12-05T13:04:59+00:00","og_image":[{"width":848,"height":565,"url":"https:\/\/contractbeds.eu\/wp-content\/uploads\/2020\/12\/78766566_s.jpg","type":"image\/jpeg"}],"twitter_card":"summary_large_image","schema":{"@context":"https:\/\/schema.org","@graph":[{"@type":"WebPage","@id":"https:\/\/contractbeds.eu\/fr\/produit\/lit-personnalisable\/","url":"https:\/\/contractbeds.eu\/fr\/produit\/lit-personnalisable\/","name":"Lit personnalisable - Bio-Textima H\u00e1l\u00f3szoba Manufakt\u00fara","isPartOf":{"@id":"https:\/\/contractbeds.eu\/fr\/#website"},"primaryImageOfPage":{"@id":"https:\/\/contractbeds.eu\/fr\/produit\/lit-personnalisable\/#primaryimage"},"image":{"@id":"https:\/\/contractbeds.eu\/fr\/produit\/lit-personnalisable\/#primaryimage"},"thumbnailUrl":"https:\/\/contractbeds.eu\/wp-content\/uploads\/2020\/12\/78766566_s.jpg","datePublished":"2020-12-02T23:45:12+00:00","dateModified":"2023-12-05T13:04:59+00:00","breadcrumb":{"@id":"https:\/\/contractbeds.eu\/fr\/produit\/lit-personnalisable\/#breadcrumb"},"inLanguage":"fr-FR","potentialAction":[{"@type":"ReadAction","target":["https:\/\/contractbeds.eu\/fr\/produit\/lit-personnalisable\/"]}]},{"@type":"ImageObject","inLanguage":"fr-FR","@id":"https:\/\/contractbeds.eu\/fr\/produit\/lit-personnalisable\/#primaryimage","url":"https:\/\/contractbeds.eu\/wp-content\/uploads\/2020\/12\/78766566_s.jpg","contentUrl":"https:\/\/contractbeds.eu\/wp-content\/uploads\/2020\/12\/78766566_s.jpg","width":848,"height":565,"caption":"bedroom planning design"},{"@type":"BreadcrumbList","@id":"https:\/\/contractbeds.eu\/fr\/produit\/lit-personnalisable\/#breadcrumb","itemListElement":[{"@type":"ListItem","position":1,"name":"Page d'accueil","item":"https:\/\/contractbeds.eu\/fr\/"},{"@type":"ListItem","position":2,"name":"Tous les produits","item":"https:\/\/contractbeds.eu\/termekeink\/"},{"@type":"ListItem","position":3,"name":"Lit personnalisable"}]},{"@type":"WebSite","@id":"https:\/\/contractbeds.eu\/fr\/#website","url":"https:\/\/contractbeds.eu\/fr\/","name":"Bio-Textima H\u00e1l\u00f3szoba Manufakt\u00fara","description":"\u00c1gyak \u00e9s matracok a sz\u00e1llodaipar sz\u00e1m\u00e1ra","publisher":{"@id":"https:\/\/contractbeds.eu\/fr\/#organization"},"potentialAction":[{"@type":"SearchAction","target":{"@type":"EntryPoint","urlTemplate":"https:\/\/contractbeds.eu\/fr\/?s={search_term_string}"},"query-input":{"@type":"PropertyValueSpecification","valueRequired":true,"valueName":"search_term_string"}}],"inLanguage":"fr-FR"},{"@type":"Organization","@id":"https:\/\/contractbeds.eu\/fr\/#organization","name":"BIO-TEXTIMA Kft.","url":"https:\/\/contractbeds.eu\/fr\/","logo":{"@type":"ImageObject","inLanguage":"fr-FR","@id":"https:\/\/contractbeds.eu\/fr\/#\/schema\/logo\/image\/","url":"https:\/\/contractbeds.eu\/wp-content\/uploads\/2021\/03\/biotex_logo.jpg","contentUrl":"https:\/\/contractbeds.eu\/wp-content\/uploads\/2021\/03\/biotex_logo.jpg","width":335,"height":149,"caption":"BIO-TEXTIMA Kft."},"image":{"@id":"https:\/\/contractbeds.eu\/fr\/#\/schema\/logo\/image\/"}}]}},"_links":{"self":[{"href":"https:\/\/contractbeds.eu\/fr\/wp-json\/wp\/v2\/product\/14545","targetHints":{"allow":["GET"]}}],"collection":[{"href":"https:\/\/contractbeds.eu\/fr\/wp-json\/wp\/v2\/product"}],"about":[{"href":"https:\/\/contractbeds.eu\/fr\/wp-json\/wp\/v2\/types\/product"}],"wp:featuredmedia":[{"embeddable":true,"href":"https:\/\/contractbeds.eu\/fr\/wp-json\/wp\/v2\/media\/14546"}],"wp:attachment":[{"href":"https:\/\/contractbeds.eu\/fr\/wp-json\/wp\/v2\/media?parent=14545"}],"wp:term":[{"taxonomy":"product_brand","embeddable":true,"href":"https:\/\/contractbeds.eu\/fr\/wp-json\/wp\/v2\/product_brand?post=14545"},{"taxonomy":"product_cat","embeddable":true,"href":"https:\/\/contractbeds.eu\/fr\/wp-json\/wp\/v2\/product_cat?post=14545"},{"taxonomy":"product_tag","embeddable":true,"href":"https:\/\/contractbeds.eu\/fr\/wp-json\/wp\/v2\/product_tag?post=14545"}],"curies":[{"name":"wp","href":"https:\/\/api.w.org\/{rel}","templated":true}]}}